{"id":3922,"date":"2020-03-13T16:43:02","date_gmt":"2020-03-13T16:43:02","guid":{"rendered":"http:\/\/leadspro.es\/puntolana\/?page_id=3922"},"modified":"2024-10-09T00:55:40","modified_gmt":"2024-10-08T22:55:40","slug":"free-design","status":"publish","type":"page","link":"https:\/\/ilchiti.com\/staging\/free-design\/","title":{"rendered":"FREE DESIGN"},"content":{"rendered":"<p>[vc_row][vc_column][vc_custom_heading text=\u00bbFREE DESIGN\u00bb font_container=\u00bbtag:h2|text_align:center\u00bb use_theme_fonts=\u00bbyes\u00bb el_class=\u00bbheadfds\u00bb][vc_column_text el_class=\u00bbtxtttlen\u00bb]<\/p>\n<p style=\"text-align: justify;\"><span style=\"font-size: 14pt;\"><strong>FREE DESIGN<\/strong> apuesta por la creatividad innata de cada una de las mujeres, d\u00e1ndole la libertad de expresar su esencia en cada dise\u00f1o, motiv\u00e1ndolas a seguir creando una gran variedad de combinaciones de colores plasmadas en hermosas pantuflas. Conoce a nuestro grandioso grupo de mujeres creativas.<\/span><\/p>\n<p>[\/vc_column_text][\/vc_column][\/vc_row][vc_row full_height=\u00bbyes\u00bb equal_height=\u00bbyes\u00bb css=\u00bb.vc_custom_1584125216356{padding-bottom: 10px !important;}\u00bb el_class=\u00bbhvbx\u00bb][vc_column][vc_row_inner css=\u00bb.vc_custom_1584121768393{padding-bottom: 25px !important;}\u00bb][vc_column_inner width=\u00bb1\/4&#8243;][vc_single_image image=\u00bb4117&#8243; img_size=\u00bbfull\u00bb alignment=\u00bbcenter\u00bb css=\u00bb.vc_custom_1584757074709{margin-bottom: 0.5rem !important;}\u00bb][vc_column_text el_class=\u00bbtxtttlenfd\u00bb]Mi nombre es Felicitas Coaquira, tengo 48 a\u00f1os, soy de Per\u00fa-Isla, me gusta tejer, mi madre me ense\u00f1\u00f3, tambi\u00e9n tengo mi vaquita que ahora tiene un becerrito muy peque\u00f1o.[\/vc_column_text][\/vc_column_inner][vc_column_inner width=\u00bb1\/4&#8243;][vc_single_image image=\u00bb4119&#8243; img_size=\u00bbfull\u00bb alignment=\u00bbcenter\u00bb css=\u00bb.vc_custom_1584757496533{margin-bottom: 0.5rem !important;}\u00bb][vc_column_text el_class=\u00bbtxtttlenfd\u00bb]Mi nombre es Luci Cruz, tengo 37 a\u00f1os, soy de Per\u00fa-Isla, tengo tres hijos, de 10, 7 y 3 a\u00f1os, me gusta tejer las pantuflas porque mezclo los colores a mi manera, cada pantufla que tejo s\u00e9 que alegrar\u00e1 la vida a otra persona.[\/vc_column_text][\/vc_column_inner][vc_column_inner width=\u00bb1\/4&#8243;][vc_single_image image=\u00bb4121&#8243; img_size=\u00bbfull\u00bb alignment=\u00bbcenter\u00bb css=\u00bb.vc_custom_1584757503065{margin-bottom: 0.5rem !important;}\u00bb][vc_column_text el_class=\u00bbtxtttlenfd\u00bb]Mi nombre es Caty Pacori, tengo 37 a\u00f1os, soy de Per\u00fa-Isla, tengo un hijo de 11 a\u00f1os, me gusta tejer mucho mientras pastoreo a mis alpacas.[\/vc_column_text][\/vc_column_inner][vc_column_inner width=\u00bb1\/4&#8243;][vc_single_image image=\u00bb4122&#8243; img_size=\u00bbfull\u00bb alignment=\u00bbcenter\u00bb css=\u00bb.vc_custom_1584757509458{margin-bottom: 0.5rem !important;}\u00bb][vc_column_text el_class=\u00bbtxtttlenfd\u00bb]Mi nombre es Mirian Mamani, tengo 35 a\u00f1os, soy de Per\u00fa-Isla, tengo cuatro hijos, el mayor tiene 14 a\u00f1os y el m\u00e1s peque\u00f1o tiene 5 a\u00f1os, cuando comienzo a tejer me relaja por eso me gusta, tambi\u00e9n tengo mis ovejitas.[\/vc_column_text][\/vc_column_inner][\/vc_row_inner][vc_row_inner css=\u00bb.vc_custom_1584121802282{padding-bottom: 25px !important;}\u00bb][vc_column_inner width=\u00bb1\/4&#8243;][vc_single_image image=\u00bb4124&#8243; img_size=\u00bbfull\u00bb alignment=\u00bbcenter\u00bb css=\u00bb.vc_custom_1584757515891{margin-bottom: 0.5rem !important;}\u00bb][vc_column_text el_class=\u00bbtxtttlenfd\u00bb]Mi nombre es Magdalena Ilarico, tengo 46 a\u00f1os, soy de Per\u00fa-Isla, tengo cuatro hijos, el m\u00e1s peque\u00f1o tiene 11 a\u00f1os, mi abuelita me ense\u00f1\u00f3 a tejer cuando era ni\u00f1a, cuando tejo recuerdo mucho a mi abuelita por eso me gusta.[\/vc_column_text][\/vc_column_inner][vc_column_inner width=\u00bb1\/4&#8243;][vc_single_image image=\u00bb4125&#8243; img_size=\u00bbfull\u00bb alignment=\u00bbcenter\u00bb css=\u00bb.vc_custom_1584757522184{margin-bottom: 0.5rem !important;}\u00bb][vc_column_text el_class=\u00bbtxtttlenfd\u00bb]Mi nombre es Sonia Marina, tengo 41 a\u00f1os, soy de Per\u00fa-Isla, tengo seis hijos, el m\u00e1s peque\u00f1o tiene 7 a\u00f1os, me gusta cocinar para mi familia y cuando todos est\u00e1n en la escuela me pongo a tejer, es otra cosa de las que me gusta hacer.[\/vc_column_text][\/vc_column_inner][vc_column_inner width=\u00bb1\/4&#8243;][vc_single_image image=\u00bb4126&#8243; img_size=\u00bbfull\u00bb alignment=\u00bbcenter\u00bb css=\u00bb.vc_custom_1584757528631{margin-bottom: 0.5rem !important;}\u00bb][vc_column_text el_class=\u00bbtxtttlenfd\u00bb]Mi nombre es Nelly Rojas, tengo 21 a\u00f1os, soy de Per\u00fa-Isla, me gusta tejer y los colores claros, me gusta tambi\u00e9n manejar mi moto para llevar a mi hijo a la escuela, tengo un hijo de 3 a\u00f1os.[\/vc_column_text][\/vc_column_inner][vc_column_inner width=\u00bb1\/4&#8243;][vc_single_image image=\u00bb4127&#8243; img_size=\u00bbfull\u00bb alignment=\u00bbcenter\u00bb css=\u00bb.vc_custom_1584757535271{margin-bottom: 0.5rem !important;}\u00bb][vc_column_text el_class=\u00bbtxtttlenfd\u00bb]Mi nombre es Ericka Coaquira, tengo 22 a\u00f1os, soy de Per\u00fa-Isla, tengo un hijo de 2 a\u00f1os, me gusta tejer con mi grupo de amigas, cuando tejo matizo seg\u00fan a mi gusto, mis colores favoritos son el amarillo, el rojo y el morado.[\/vc_column_text][\/vc_column_inner][\/vc_row_inner][vc_row_inner css=\u00bb.vc_custom_1584121802282{padding-bottom: 25px !important;}\u00bb][vc_column_inner width=\u00bb1\/4&#8243;][vc_single_image image=\u00bb4129&#8243; img_size=\u00bbfull\u00bb alignment=\u00bbcenter\u00bb css=\u00bb.vc_custom_1584757562745{margin-bottom: 0.5rem !important;}\u00bb][vc_column_text el_class=\u00bbtxtttlenfd\u00bb]Mi nombre es Marina Rojas, tengo 42 a\u00f1os, soy de Per\u00fa-Isla, tengo cuatro hijos, el m\u00e1s peque\u00f1o tiene 4 a\u00f1os, me gusta tejer, aprend\u00ed desde muy peque\u00f1a tambi\u00e9n soy abuela de dos nietos y los quiero mucho.[\/vc_column_text][\/vc_column_inner][vc_column_inner width=\u00bb1\/4&#8243;][vc_single_image image=\u00bb4130&#8243; img_size=\u00bbfull\u00bb alignment=\u00bbcenter\u00bb css=\u00bb.vc_custom_1584757556229{margin-bottom: 0.5rem !important;}\u00bb][vc_column_text el_class=\u00bbtxtttlenfd\u00bb]Mi nombre es Luisa Benavente, tengo 39 a\u00f1os, soy de Per\u00fa-Isla, tengo tres hijos, el m\u00e1s peque\u00f1o tiene 13 a\u00f1os, me gusta tejer junto con mi madrina Fel\u00edcitas, mientras tejemos conversamos mucho mientras esperamos que lleguen nuestros hijos de la escuela.[\/vc_column_text][\/vc_column_inner][vc_column_inner width=\u00bb1\/4&#8243;][vc_single_image image=\u00bb4131&#8243; img_size=\u00bbfull\u00bb alignment=\u00bbcenter\u00bb css=\u00bb.vc_custom_1584757549409{margin-bottom: 0.5rem !important;}\u00bb][vc_column_text el_class=\u00bbtxtttlenfd\u00bb]Mi nombre es Sonia Rojas, tengo 35 a\u00f1os, soy de Per\u00fa-Isla, tengo seis hijos, el m\u00e1s peque\u00f1o tiene 4 a\u00f1os, mi abuela, mi madre y mis hermanas sabemos tejer, hemos aprendido desde que somos peque\u00f1as por eso me gusta tejer y combinar de muchas formas las pantuflas, cuido mucho a mi familia y a mis animalitos.[\/vc_column_text][\/vc_column_inner][\/vc_row_inner][\/vc_column][\/vc_row][vc_row full_height=\u00bbyes\u00bb equal_height=\u00bbyes\u00bb disable_element=\u00bbyes\u00bb css=\u00bb.vc_custom_1584401726951{padding-bottom: 10px !important;}\u00bb el_class=\u00bbhvbx\u00bb][vc_column][vc_row_inner css=\u00bb.vc_custom_1584121768393{padding-bottom: 25px !important;}\u00bb][vc_column_inner width=\u00bb1\/4&#8243;][vc_hoverbox image=\u00bb3929&#8243; primary_title=\u00bb\u00bb hover_title=\u00bb\u00bb shape=\u00bbsquare\u00bb]Mi nombre es Felicitas Coaquira, tengo 48 a\u00f1os, soy de Per\u00fa-Isla, me gusta tejer, mi madre me ense\u00f1\u00f3, tambi\u00e9n tengo mi vaquita que ahora tiene un becerrito muy peque\u00f1o.<\/p>\n<p>[\/vc_hoverbox][\/vc_column_inner][vc_column_inner width=\u00bb1\/4&#8243;][vc_hoverbox image=\u00bb3934&#8243; primary_title=\u00bb\u00bb hover_title=\u00bb\u00bb shape=\u00bbsquare\u00bb]Mi nombre es Luci Cruz, tengo 37 a\u00f1os, soy de Per\u00fa-Isla, tengo tres hijos, de 10, 7 y 3 a\u00f1os, me gusta tejer las pantuflas porque mezclo los colores a mi manera, cada pantufla que tejo s\u00e9 que alegrar\u00e1 la vida a otra persona.<\/p>\n<p>[\/vc_hoverbox][\/vc_column_inner][vc_column_inner width=\u00bb1\/4&#8243;][vc_hoverbox image=\u00bb3937&#8243; primary_title=\u00bb\u00bb hover_title=\u00bb\u00bb shape=\u00bbsquare\u00bb]Mi nombre es Caty Pacori, tengo 37 a\u00f1os, soy de Per\u00fa-Isla, tengo un hijo de 11 a\u00f1os, me gusta tejer mucho mientras pastoreo a mis alpacas.<\/p>\n<p>[\/vc_hoverbox][\/vc_column_inner][vc_column_inner width=\u00bb1\/4&#8243;][vc_hoverbox image=\u00bb3938&#8243; primary_title=\u00bb\u00bb hover_title=\u00bb\u00bb shape=\u00bbsquare\u00bb]Mi nombre es Mirian Mamani, tengo 35 a\u00f1os, soy de Per\u00fa-Isla, tengo cuatro hijos, el mayor tiene 14 a\u00f1os y el m\u00e1s peque\u00f1o tiene 5 a\u00f1os, cuando comienzo a tejer me relaja por eso me gusta, tambi\u00e9n tengo mis ovejitas.<\/p>\n<p>[\/vc_hoverbox][\/vc_column_inner][\/vc_row_inner][vc_row_inner css=\u00bb.vc_custom_1584121802282{padding-bottom: 25px !important;}\u00bb][vc_column_inner width=\u00bb1\/4&#8243;][vc_hoverbox image=\u00bb3940&#8243; primary_title=\u00bb\u00bb hover_title=\u00bb\u00bb shape=\u00bbsquare\u00bb]Mi nombre es Magdalena Ilarico, tengo 46 a\u00f1os, soy de Per\u00fa-Isla, tengo cuatro hijos, el m\u00e1s peque\u00f1o tiene 11 a\u00f1os, mi abuelita me ense\u00f1\u00f3 a tejer cuando era ni\u00f1a, cuando tejo recuerdo mucho a mi abuelita por eso me gusta.<\/p>\n<p>[\/vc_hoverbox][\/vc_column_inner][vc_column_inner width=\u00bb1\/4&#8243;][vc_hoverbox image=\u00bb3941&#8243; primary_title=\u00bb\u00bb hover_title=\u00bb\u00bb shape=\u00bbsquare\u00bb]Mi nombre es Sonia Marina, tengo 41 a\u00f1os, soy de Per\u00fa-Isla, tengo seis hijos, el m\u00e1s peque\u00f1o tiene 7 a\u00f1os, me gusta cocinar para mi familia y cuando todos est\u00e1n en la escuela me pongo a tejer, es otra cosa de las que me gusta hacer.<\/p>\n<p>[\/vc_hoverbox][\/vc_column_inner][vc_column_inner width=\u00bb1\/4&#8243;][vc_hoverbox image=\u00bb3942&#8243; primary_title=\u00bb\u00bb hover_title=\u00bb\u00bb shape=\u00bbsquare\u00bb]Mi nombre es Nelly Rojas, tengo 21 a\u00f1os, soy de Per\u00fa-Isla, me gusta tejer y los colores claros, me gusta tambi\u00e9n manejar mi moto para llevar a mi hijo a la escuela, tengo un hijo de 3 a\u00f1os.<\/p>\n<p>[\/vc_hoverbox][\/vc_column_inner][vc_column_inner width=\u00bb1\/4&#8243;][vc_hoverbox image=\u00bb3943&#8243; primary_title=\u00bb\u00bb hover_title=\u00bb\u00bb shape=\u00bbsquare\u00bb]Mi nombre es Ericka Coaquira, tengo 22 a\u00f1os, soy de Per\u00fa-Isla, tengo un hijo de 2 a\u00f1os, me gusta tejer con mi grupo de amigas, cuando tejo matizo seg\u00fan a mi gusto, mis colores favoritos son el amarillo, el rojo y el morado.<\/p>\n<p>[\/vc_hoverbox][\/vc_column_inner][\/vc_row_inner][vc_row_inner css=\u00bb.vc_custom_1584121802282{padding-bottom: 25px !important;}\u00bb][vc_column_inner width=\u00bb1\/4&#8243;][vc_hoverbox image=\u00bb3952&#8243; primary_title=\u00bb\u00bb hover_title=\u00bb\u00bb shape=\u00bbsquare\u00bb]Mi nombre es Marina Rojas, tengo 42 a\u00f1os, soy de Per\u00fa-Isla, tengo cuatro hijos, el m\u00e1s peque\u00f1o tiene 4 a\u00f1os, me gusta tejer, aprend\u00ed desde muy peque\u00f1a tambi\u00e9n soy abuela de dos nietos y los quiero mucho.<\/p>\n<p>[\/vc_hoverbox][\/vc_column_inner][vc_column_inner width=\u00bb1\/4&#8243;][vc_hoverbox image=\u00bb3953&#8243; primary_title=\u00bb\u00bb hover_title=\u00bb\u00bb shape=\u00bbsquare\u00bb]Mi nombre es Luisa Benavente, tengo 39 a\u00f1os, soy de Per\u00fa-Isla, tengo tres hijos, el m\u00e1s peque\u00f1o tiene 13 a\u00f1os, me gusta tejer junto con mi madrina Fel\u00edcitas, mientras tejemos conversamos mucho mientras esperamos que lleguen nuestros hijos de la escuela.<\/p>\n<p>[\/vc_hoverbox][\/vc_column_inner][vc_column_inner width=\u00bb1\/4&#8243;][vc_hoverbox image=\u00bb3954&#8243; primary_title=\u00bb\u00bb hover_title=\u00bb\u00bb shape=\u00bbsquare\u00bb]Mi nombre es Sonia Rojas, tengo 35 a\u00f1os, soy de Per\u00fa-Isla, tengo seis hijos, el m\u00e1s peque\u00f1o tiene 4 a\u00f1os, mi abuela, mi madre y mis hermanas sabemos tejer, hemos aprendido desde que somos peque\u00f1as por eso me gusta tejer y combinar de muchas formas las pantuflas, cuido mucho a mi familia y a mis animalitos.<\/p>\n<p>[\/vc_hoverbox][\/vc_column_inner][vc_column_inner width=\u00bb1\/4&#8243;][vc_hoverbox image=\u00bb3955&#8243; primary_title=\u00bb\u00bb hover_title=\u00bb\u00bb shape=\u00bbsquare\u00bb]Mi nombre es Eulalia Julia, tengo 56 a\u00f1os, soy de Per\u00fa-Arequipa, tengo tres hijos, el tejido forma parte de mi vida, tengo el privilegio de poder trabajar junto a este grupo de mujeres creativas y valientes, aprendemos juntas nuevas t\u00e9cnicas de tejido, capacit\u00e1ndolas para as\u00ed poderles ofrecer un tejido de alta calidad hecha a mano.<\/p>\n<p>[\/vc_hoverbox][\/vc_column_inner][\/vc_row_inner][\/vc_column][\/vc_row]<\/p>","protected":false},"excerpt":{"rendered":"<p>[vc_row][vc_column][vc_custom_heading text=\u00bbFREE DESIGN\u00bb font_container=\u00bbtag:h2|text_align:center\u00bb use_theme_fonts=\u00bbyes\u00bb el_class=\u00bbheadfds\u00bb][vc_column_text el_class=\u00bbtxtttlen\u00bb] FREE DESIGN apuesta por la creatividad innata de cada una de las mujeres,\u2026<\/p>\n","protected":false},"author":1,"featured_media":0,"parent":0,"menu_order":0,"comment_status":"closed","ping_status":"closed","template":"","meta":{"footnotes":""},"class_list":["post-3922","page","type-page","status-publish","hentry"],"jetpack_sharing_enabled":true,"_links":{"self":[{"href":"https:\/\/ilchiti.com\/staging\/wp-json\/wp\/v2\/pages\/3922","targetHints":{"allow":["GET"]}}],"collection":[{"href":"https:\/\/ilchiti.com\/staging\/wp-json\/wp\/v2\/pages"}],"about":[{"href":"https:\/\/ilchiti.com\/staging\/wp-json\/wp\/v2\/types\/page"}],"author":[{"embeddable":true,"href":"https:\/\/ilchiti.com\/staging\/wp-json\/wp\/v2\/users\/1"}],"replies":[{"embeddable":true,"href":"https:\/\/ilchiti.com\/staging\/wp-json\/wp\/v2\/comments?post=3922"}],"version-history":[{"count":54,"href":"https:\/\/ilchiti.com\/staging\/wp-json\/wp\/v2\/pages\/3922\/revisions"}],"predecessor-version":[{"id":7431,"href":"https:\/\/ilchiti.com\/staging\/wp-json\/wp\/v2\/pages\/3922\/revisions\/7431"}],"wp:attachment":[{"href":"https:\/\/ilchiti.com\/staging\/wp-json\/wp\/v2\/media?parent=3922"}],"curies":[{"name":"wp","href":"https:\/\/api.w.org\/{rel}","templated":true}]}}